{"version":"1.0","provider_name":"Hospital S\u00e3o Francisco de Americana","provider_url":"https:\/\/hsfamericana.com.br","author_name":"HSF Americana","author_url":"https:\/\/hsfamericana.com.br\/index.php\/author\/nogueira\/","title":"A\u00e7\u00e3o em Sa\u00fade HSF - Participe, dia 23\/11! &#8226; Hospital S\u00e3o Francisco de Americana","type":"rich","width":600,"height":338,"html":"<blockquote class=\"wp-embedded-content\" data-secret=\"azCYFmRAEF\"><a href=\"https:\/\/hsfamericana.com.br\/index.php\/acao-em-saude-hsf-participe-dia-2311\/\">A\u00e7\u00e3o em Sa\u00fade HSF &#8211; Participe, dia 23\/11!<\/a><\/blockquote><iframe sandbox=\"allow-scripts\" security=\"restricted\" src=\"https:\/\/hsfamericana.com.br\/index.php\/acao-em-saude-hsf-participe-dia-2311\/embed\/#?secret=azCYFmRAEF\" width=\"600\" height=\"338\" title=\"&#8220;A\u00e7\u00e3o em Sa\u00fade HSF &#8211; Participe, dia 23\/11!&#8221; &#8212; Hospital S\u00e3o Francisco de Americana\" data-secret=\"azCYFmRAEF\" frameborder=\"0\" marginwidth=\"0\" marginheight=\"0\" scrolling=\"no\" class=\"wp-embedded-content\"><\/iframe><script type=\"text\/javascript\">\n\/* <![CDATA[ *\/\n\/*! This file is auto-generated *\/\n!function(d,l){\"use strict\";l.querySelector&&d.addEventListener&&\"undefined\"!=typeof URL&&(d.wp=d.wp||{},d.wp.receiveEmbedMessage||(d.wp.receiveEmbedMessage=function(e){var t=e.data;if((t||t.secret||t.message||t.value)&&!\/[^a-zA-Z0-9]\/.test(t.secret)){for(var s,r,n,a=l.querySelectorAll('iframe[data-secret=\"'+t.secret+'\"]'),o=l.querySelectorAll('blockquote[data-secret=\"'+t.secret+'\"]'),c=new RegExp(\"^https?:$\",\"i\"),i=0;i<o.length;i++)o[i].style.display=\"none\";for(i=0;i<a.length;i++)s=a[i],e.source===s.contentWindow&&(s.removeAttribute(\"style\"),\"height\"===t.message?(1e3<(r=parseInt(t.value,10))?r=1e3:~~r<200&&(r=200),s.height=r):\"link\"===t.message&&(r=new URL(s.getAttribute(\"src\")),n=new URL(t.value),c.test(n.protocol))&&n.host===r.host&&l.activeElement===s&&(d.top.location.href=t.value))}},d.addEventListener(\"message\",d.wp.receiveEmbedMessage,!1),l.addEventListener(\"DOMContentLoaded\",function(){for(var e,t,s=l.querySelectorAll(\"iframe.wp-embedded-content\"),r=0;r<s.length;r++)(t=(e=s[r]).getAttribute(\"data-secret\"))||(t=Math.random().toString(36).substring(2,12),e.src+=\"#?secret=\"+t,e.setAttribute(\"data-secret\",t)),e.contentWindow.postMessage({message:\"ready\",secret:t},\"*\")},!1)))}(window,document);\n\/* ]]> *\/\n<\/script>\n","thumbnail_url":"https:\/\/hsfamericana.com.br\/wp-content\/uploads\/2019\/11\/Acaoemsaude-HSF1-Copia.png","thumbnail_width":915,"thumbnail_height":501,"description":"No pr\u00f3ximo s\u00e1bado (23\/11) o HSF estar\u00e1 promovendo um dia de preven\u00e7\u00e3o e sa\u00fade para todos. Venha at\u00e9 a Pra\u00e7a Francisco Matarazzo em Americana\/SP e participe. Hor\u00e1rio: 8h \u00e0s 16h &nbsp; &nbsp; &nbsp; &nbsp; &nbsp;"}